{"id":9761,"date":"2025-03-19T12:21:33","date_gmt":"2025-03-19T12:21:33","guid":{"rendered":"https:\/\/simayyachtcharters.com\/?post_type=listing&#038;p=9761"},"modified":"2025-05-21T10:31:31","modified_gmt":"2025-05-21T10:31:31","slug":"luce-del-mare-gulet-yaxta-icar%c9%99si","status":"publish","type":"listing","link":"https:\/\/simayyachtcharters.com\/az\/siyahi\/luce-del-mare-gulet-yaxta-icar%c9%99si\/","title":{"rendered":"Luce Del Mare Gulet: Bodrum&amp;G\u00f6cekd\u0259 \u015e\u0259xsi Yaxta Kiralama"},"content":{"rendered":"<h2>Luce Del Mare Gulet: Bodrum&amp;G\u00f6cekd\u0259 \u015e\u0259xsi Yaxta Kiralama<\/h2>\n<p>Luce Del Mare Gulet \u2013 \u015e\u0259xsi Yaxta Kiralama Bodrum&amp;G\u00f6cek; Luce Del Mare 37 metr uzunlu\u011funda l\u00fcks yaxtad\u0131r. Onun 5 kabin\u0259si var: 1 Master, 2 ikiqat v\u0259 2 \u00fc\u00e7l\u00fc kabin. Yaxta T\u00fcrkiy\u0259 v\u0259 xarici sularda 12 n\u0259f\u0259r\u0259 q\u0259d\u0259r qona\u011f\u0131 da\u015f\u0131ya bilir. H\u0259r kabin LCD televizor, musiqi sistemi, kondisioner, du\u015f, tualet, fen v\u0259 d\u0259smallarla t\u0259chiz olunub. Salonda yem\u0259k masas\u0131, oturma sah\u0259si, LCD televizor, musiqi sistemi var. Yaxtada 24 saat kondisioner var.<\/p>\n<p data-start=\"409\" data-end=\"577\">Yaxtada tam t\u0259hl\u00fck\u0259sizlik avadanl\u0131\u011f\u0131, naviqasiya al\u0259tl\u0259ri, xilasedici jiletl\u0259r, yan\u011f\u0131ns\u00f6nd\u00fcr\u0259nl\u0259r, yelk\u0259nli avadanl\u0131qlar, su istehsal\u00e7\u0131s\u0131, peyk antenas\u0131 v\u0259 internet var. <a href=\"https:\/\/en.wikipedia.org\/wiki\/Turkey\" target=\"_blank\" rel=\"noopener\">t\u00fcrk<\/a> sular.<\/p>\n<p data-start=\"579\" data-end=\"791\">G\u00f6y\u0259rt\u0259 tik a\u011fac\u0131ndan haz\u0131rlanm\u0131\u015fd\u0131r. Arxa g\u00f6y\u0259rt\u0259d\u0259 yem\u0259k masas\u0131 v\u0259 oturma sah\u0259si, \u00f6n g\u00f6y\u0259rt\u0259d\u0259 is\u0259 oturma sah\u0259si v\u0259 masa var. G\u00fcn\u0259\u015f vannas\u0131 \u00fc\u00e7\u00fcn yast\u0131qlar, d\u0259niz n\u0259rdivan\u0131, u\u00e7an k\u00f6rp\u00fc v\u0259 g\u00f6y\u0259rt\u0259 du\u015fu da var.<\/p>\n<p data-start=\"793\" data-end=\"915\">M\u0259tb\u0259xd\u0259 soba, soyuducu, i\u00e7ki soyuducu, \u015f\u0259rab soyuducu, dondurucu, buzdayan, q\u0259hv\u0259 ma\u015f\u0131n\u0131, filtrli q\u0259hv\u0259 ma\u015f\u0131n\u0131 var.<\/p>\n<p data-start=\"917\" data-end=\"1102\" data-is-last-node=\"\" data-is-only-node=\"\">Su f\u0259aliyy\u0259ti \u00fc\u00e7\u00fcn yaxtada 70 at g\u00fcc\u00fcnd\u0259 xidm\u0259t g\u0259misi, kanoe, su xiz\u0259kl\u0259ri, rinqo, veykbord v\u0259 mono xiz\u0259k var. B\u00fct\u00fcn bu x\u00fcsusiyy\u0259tl\u0259r Luce Del Mare edir <a href=\"https:\/\/simayyachtcharters.com\/type\/gulets\/\">Gulet<\/a> \u0259la t\u0259til \u00fc\u00e7\u00fcn m\u00fck\u0259mm\u0259l se\u00e7imdir.<\/p>\n<figure id=\"attachment_9777\" aria-describedby=\"caption-attachment-9777\" style=\"width: 300px\" class=\"wp-caption aligncenter\"><img fetchpriority=\"high\" decoding=\"async\" class=\"size-medium wp-image-9777\" src=\"https:\/\/simayyachtcharters.com\/wp-content\/uploads\/2025\/03\/luce-del-mare-luxury-yacht-16-300x169.jpg\" alt=\"Luce Del Mare Gulet\" width=\"300\" height=\"169\" title=\"\" srcset=\"https:\/\/simayyachtcharters.com\/wp-content\/uploads\/2025\/03\/luce-del-mare-luxury-yacht-16-300x169.jpg 300w, https:\/\/simayyachtcharters.com\/wp-content\/uploads\/2025\/03\/luce-del-mare-luxury-yacht-16-1024x576.jpg 1024w, https:\/\/simayyachtcharters.com\/wp-content\/uploads\/2025\/03\/luce-del-mare-luxury-yacht-16-768x432.jpg 768w, https:\/\/simayyachtcharters.com\/wp-content\/uploads\/2025\/03\/luce-del-mare-luxury-yacht-16-1536x864.jpg 1536w, https:\/\/simayyachtcharters.com\/wp-content\/uploads\/2025\/03\/luce-del-mare-luxury-yacht-16-889x500.jpg 889w, https:\/\/simayyachtcharters.com\/wp-content\/uploads\/2025\/03\/luce-del-mare-luxury-yacht-16.jpg 1920w\" sizes=\"(max-width: 300px) 100vw, 300px\" \/><figcaption id=\"caption-attachment-9777\" class=\"wp-caption-text\">Luce Del Mare<\/figcaption><\/figure>","protected":false},"excerpt":{"rendered":"<p>Luce Del Mare Gulet: M\u0259hv\u0259r Yacht Charter Bodrum&amp;Gocek Luce Del Mare Gulet &#8211; M\u0259hv\u0259r Yacht Charter Bodrum&amp;Gocek; Luce Del Mare l\u00fcks yacht\u0131d\u0131r v\u0259 37 metr uzunlu\u011fdad\u0131r. Yacht 5 odada ev sahipliyi qoyur: 1 Master, 2 \u00e7ift v\u0259 2 \u00fc\u00e7l\u00fc odalar. Yacht, T\u00fcrkiy\u0259 v\u0259 dig\u0259r denizl\u0259rd\u0259 12 m\u00fc\u015ft\u0259ril\u0259ri bar\u0131nd\u0131rabilir. [&hellip;]<\/p>","protected":false},"author":2,"featured_media":9778,"parent":0,"menu_order":0,"template":"","listing_type":[126],"room_type":[40],"amenities":[12,13,16,18,20,23,27,30,36,37,39],"facilities":[],"listing_countries":[38],"listing_states":[14],"listing_cities":[28,47,24,25,26,135,34],"listing_areas":[],"class_list":["post-9761","listing","type-listing","status-publish","has-post-thumbnail","hentry","listing_type-gulets","room_type-private-yacht-charter","listing_amenity-air-conditioning","listing_amenity-automatic-pilot","listing_amenity-electric-windlass","listing_amenity-gps","listing_amenity-internet","listing_amenity-kitchen","listing_amenity-navigation","listing_amenity-outboard","listing_amenity-stabilizers","listing_amenity-tv","listing_amenity-vhf","listing_country-turkey","listing_state-mugla","listing_city-bodrum","listing_city-bozburun","listing_city-fethiye","listing_city-gocek","listing_city-marmaris","listing_city-rhodes","listing_city-selimiye"],"_links":{"self":[{"href":"https:\/\/simayyachtcharters.com\/az\/wp-json\/wp\/v2\/listings\/9761","targetHints":{"allow":["GET"]}}],"collection":[{"href":"https:\/\/simayyachtcharters.com\/az\/wp-json\/wp\/v2\/listings"}],"about":[{"href":"https:\/\/simayyachtcharters.com\/az\/wp-json\/wp\/v2\/types\/listing"}],"author":[{"embeddable":true,"href":"https:\/\/simayyachtcharters.com\/az\/wp-json\/wp\/v2\/users\/2"}],"version-history":[{"count":4,"href":"https:\/\/simayyachtcharters.com\/az\/wp-json\/wp\/v2\/listings\/9761\/revisions"}],"predecessor-version":[{"id":11283,"href":"https:\/\/simayyachtcharters.com\/az\/wp-json\/wp\/v2\/listings\/9761\/revisions\/11283"}],"wp:featuredmedia":[{"embeddable":true,"href":"https:\/\/simayyachtcharters.com\/az\/wp-json\/wp\/v2\/media\/9778"}],"wp:attachment":[{"href":"https:\/\/simayyachtcharters.com\/az\/wp-json\/wp\/v2\/media?parent=9761"}],"wp:term":[{"taxonomy":"listing_type","embeddable":true,"href":"https:\/\/simayyachtcharters.com\/az\/wp-json\/wp\/v2\/listing_type?post=9761"},{"taxonomy":"room_type","embeddable":true,"href":"https:\/\/simayyachtcharters.com\/az\/wp-json\/wp\/v2\/room_type?post=9761"},{"taxonomy":"listing_amenity","embeddable":true,"href":"https:\/\/simayyachtcharters.com\/az\/wp-json\/wp\/v2\/amenities?post=9761"},{"taxonomy":"listing_facility","embeddable":true,"href":"https:\/\/simayyachtcharters.com\/az\/wp-json\/wp\/v2\/facilities?post=9761"},{"taxonomy":"listing_country","embeddable":true,"href":"https:\/\/simayyachtcharters.com\/az\/wp-json\/wp\/v2\/listing_countries?post=9761"},{"taxonomy":"listing_state","embeddable":true,"href":"https:\/\/simayyachtcharters.com\/az\/wp-json\/wp\/v2\/listing_states?post=9761"},{"taxonomy":"listing_city","embeddable":true,"href":"https:\/\/simayyachtcharters.com\/az\/wp-json\/wp\/v2\/listing_cities?post=9761"},{"taxonomy":"listing_area","embeddable":true,"href":"https:\/\/simayyachtcharters.com\/az\/wp-json\/wp\/v2\/listing_areas?post=9761"}],"curies":[{"name":"wp","href":"https:\/\/api.w.org\/{rel}","templated":true}]}}